{"id":116,"date":"2023-11-14T07:24:13","date_gmt":"2023-11-14T06:24:13","guid":{"rendered":"http:\/\/www.rehbinder.se\/?page_id=116"},"modified":"2024-03-21T19:22:14","modified_gmt":"2024-03-21T18:22:14","slug":"tjanster","status":"publish","type":"page","link":"https:\/\/www.rehbinder.se\/index.php\/tjanster\/","title":{"rendered":"Tj\u00e4nster"},"content":{"rendered":"<p><img loading=\"lazy\" decoding=\"async\" src=\"http:\/\/www.rehbinder.se\/wp-content\/uploads\/2023\/11\/tjanster_vinjett.jpg\" alt=\"\" width=\"584\" height=\"206\" \/><\/p>\n<p><span style=\"font-family: Verdana, Arial, Geneva, Helvetica, Sans serif; font-size: small;\"><strong>Rehbinder &amp; Rehbinder HB erbjuder en m\u00e4ngd tj\u00e4nster<\/strong> av olika slag. Kurser, f\u00f6redrag, relationscoaching, fotouppdrag, kroppsm\u00e5lningsevent, artikelskrivande, muntligt ber\u00e4ttande, inl\u00e4sning av texter \u2013 och mer d\u00e4rtill. P\u00e5 denna sida ber\u00e4ttar vi kortfattat om de tj\u00e4nster vi erbjuder, och ger \u00e4ven l\u00e4nkf\u00f6rslag till hemsidor som representerar respektive tj\u00e4nst.<\/span><\/p>\n<p><img loading=\"lazy\" decoding=\"async\" src=\"http:\/\/www.rehbinder.se\/wp-content\/uploads\/2023\/11\/thin_greystripe.jpg\" alt=\"\" width=\"584\" height=\"18\" \/><\/p>\n<p><img loading=\"lazy\" decoding=\"async\" src=\"http:\/\/www.rehbinder.se\/wp-content\/uploads\/2023\/09\/hemsidor_1.jpg\" alt=\"\" width=\"584\" height=\"128\" \/><span style=\"color: #505050;\"><span style=\"font-family: AGaramond, Garamond, Jenson, serif; font-size: x-large;\"><strong>Kurser, f\u00f6redrag &amp; coaching:<\/strong><\/span><br \/><span style=\"font-family: Verdana, Arial, Geneva, Helvetica, Sans serif; font-size: small;\"><strong>Sedan 2003 har vi h\u00e5llit kurser <\/strong>p\u00e5 temat k\u00e4rlek, relation, sex, tantra, och det \u00e4r alltj\u00e4mt den st\u00f6rsta delen av v\u00e5r verksamhet. Vi erbjuder en bred repertoar av kurser och workshops, och de g\u00e5r alla att hitta p\u00e5 kurssidorna p\u00e5 v\u00e5r hemsidan <a href=\"https:\/\/www.cirkuseros.nu\/\" target=\"_blank\" rel=\"noopener\"><strong>Cirkus Eros<\/strong><\/a>, som ocks\u00e5 fungerar som en portal vidare, inte minst till v\u00e5ra kurser, som alla har egna hemsidor. Det finns en avdelning av hemsidan med <a href=\"https:\/\/www.cirkuseros.nu\/index.php\/kurser\/\" target=\"_blank\" rel=\"noopener\"><strong>kursbeskrivningar<\/strong><\/a>, och vill man veta mer kan man klicka sig vidare till separata sidor f\u00f6r varje kurs. Man kan ocks\u00e5 bes\u00f6ka <a href=\"https:\/\/www.cirkuseros.nu\/index.php\/kurser\/kalendarium\/\" target=\"_blank\" rel=\"noopener\"><strong>kalendariet<\/strong><\/a>, f\u00f6r att vilka kurser som finns tillg\u00e4ngliga, och p\u00e5 vilka datum.<\/span><\/span><\/p>\n<p><span style=\"color: #505050;\"><span style=\"font-family: Verdana, Arial, Geneva, Helvetica, Sans serif; font-size: small;\"><strong>Vi erbjuder \u00e4ven<\/strong> <a href=\"https:\/\/www.cirkuseros.nu\/index.php\/tjanster\/coaching\/\" target=\"_blank\" rel=\"noopener\"><strong>relationscoaching<\/strong><\/a> f\u00f6r s\u00e5v\u00e4l enskilda som par.<\/span><\/span><\/p>\n<p><span style=\"color: #505050;\"><span style=\"font-family: Verdana, Arial, Geneva, Helvetica, Sans serif; font-size: small;\"><strong>Calle h\u00e5ller ocks\u00e5 kurser i improvisationsteater<\/strong>, sedan mer \u00e4n 30 \u00e5r tillbaka. Dessa kurser kan man l\u00e4sa om p\u00e5 sidan <a href=\"https:\/\/tranceformationimpro.wordpress.com\/\" target=\"_blank\" rel=\"noopener\"><strong>Tranceformation Impro<\/strong><\/a>. <strong><br \/><\/strong><\/span><\/span><\/p>\n<p><img loading=\"lazy\" decoding=\"async\" src=\"http:\/\/www.rehbinder.se\/wp-content\/uploads\/2023\/11\/thin_greystripe.jpg\" alt=\"\" width=\"584\" height=\"18\" \/><\/p>\n<p><strong><img loading=\"lazy\" decoding=\"async\" src=\"http:\/\/www.rehbinder.se\/wp-content\/uploads\/2023\/11\/skriverier_calle_rehbinderjpg.jpg\" alt=\"\" width=\"584\" height=\"162\" \/><br \/><span style=\"color: #505050;\"><span style=\"font-family: AGaramond, Garamond, Jenson, serif; font-size: x-large;\"><strong>Text:<\/strong><\/span><br \/><\/span><\/strong><strong>Skrivandet har alltid funnits med mig<\/strong>, b\u00e5de som hobby och professionell inkomstk\u00e4lla. Jag l\u00e4rde mig att l\u00e4sa och skriva som fyra\u00e5ring, och har inte slutat \u00e4n. Det har lett fram till <strong>tre b\u00f6cker<\/strong> (varav en antologi, i vilken jag \u00e4r en av tre f\u00f6rfattare), samt otaliga artiklar i tidningar och tidskrifter som <strong>Expressen<\/strong>, <strong>Svenska Dagbladet<\/strong>, <strong>Syre<\/strong>, <strong>Newsmill<\/strong>, <strong>SvT Debatt\/SvT Opinion<\/strong>, <strong>Stockholms Fria Tidning<\/strong>, <strong>Cupido<\/strong>, <strong>MacWorld<\/strong>, <strong>Kvinnors Aff\u00e4rer<\/strong>, <strong>Tidens Kvinder<\/strong>, <strong>Lek<\/strong>, <strong>Aguirre<\/strong>, <strong>Pentagram<\/strong>, <strong>Legatus Mensae<\/strong>, <strong>Trolltrumman<\/strong>, <strong>Vitka<\/strong>, <strong>Tarotmagazinet<\/strong>, <strong>Arcana<\/strong>, m.fl. \u2013 fr\u00e5n k\u00e5serier och faktaartiklar till politisk debatt.<\/p>\n<p><strong>Jag har d\u00e4rtill f\u00f6r n\u00e4rvarande 30 noveller<\/strong> f\u00f6r nedladdning p\u00e5 <a href=\"https:\/\/www.storytel.com\/se\/authors\/carl-johan-rehbinder-101488\" target=\"_blank\" rel=\"noopener\"><strong>Storytel<\/strong><\/a> och flera liknande nedladdningssidor.<\/p>\n<p><strong>Jag har \u00e4ven skrivit en teaterpj\u00e4s \u2013 T\u00e8te \u00e2 T\u00e8te<\/strong>.<\/p>\n<p><strong>Som en del av allt mitt skrivande<\/strong> har jag \u00e4ven \u00f6versatt en m\u00e4ngd filmmanus fr\u00e5n engelska till svenska, f\u00f6retr\u00e4desvis tecknad film som ska dubbas till svenska.<\/p>\n<p><strong><a href=\"http:\/\/carljohanrehbinder.se\/\" target=\"_blank\" rel=\"noopener\">L\u00e4s mer p\u00e5 sidan Carl Johan Rehbinder \u00bb<\/a><\/strong><\/p>\n<p><img loading=\"lazy\" decoding=\"async\" src=\"http:\/\/www.rehbinder.se\/wp-content\/uploads\/2023\/11\/thin_greystripe.jpg\" alt=\"\" width=\"584\" height=\"18\" \/><\/p>\n<p><span style=\"color: #505050;\"><span style=\"font-family: AGaramond, Garamond, Jenson, serif; font-size: x-large;\"><strong><img loading=\"lazy\" decoding=\"async\" src=\"http:\/\/www.rehbinder.se\/wp-content\/uploads\/2023\/11\/calle_fotograferar.jpg\" alt=\"\" width=\"584\" height=\"244\" \/><br \/>Fotouppdrag:<\/strong><\/span><br \/><span style=\"font-family: Verdana, Arial, Geneva, Helvetica, Sans serif; font-size: small;\"><strong>Jag har fotograferat sedan tidiga ton\u00e5ren<\/strong> p\u00e5 1970-talet, och l\u00e4rde mig m\u00f6rkrumsteknik av en granne &#8211; som arbetade som teknisk chef p\u00e5 Kodak. Fotograferandet har alltid varit en viktig del av min professionella verksamhet, men ocks\u00e5 en konstn\u00e4rlig passion, en k\u00e4rlek till bildskapandet. Jag har haft kunder som <strong>Expressen<\/strong>, <strong>Stockholm Pride<\/strong>, <strong>\u00c4ngsbacka Kursg\u00e5rd<\/strong>, <strong>Vecko-Revyn<\/strong>, <strong>LAFA<\/strong>, <strong>Amazon Stockholm<\/strong>, <strong>RFSU Stockholm<\/strong>, m.fl., samt m\u00e4ngder av privatkunder.<\/span><\/span><\/p>\n<p><span style=\"color: #505050;\"><span style=\"font-family: Verdana, Arial, Geneva, Helvetica, Sans serif; font-size: small;\"><strong><a href=\"http:\/\/www.multiart.nu\/photogallery\/\" target=\"_blank\" rel=\"noopener\">Se mer p\u00e5 Carl Johan Rehbinder Photo Gallery \u00bb<\/a><br \/><\/strong>[hemsidan \u00e4r tyv\u00e4rr v\u00e4ldigt gammal, men en uppgraderad \u00e4r p\u00e5 g\u00e5ng]<\/span><\/span><\/p>\n<p><span style=\"color: #505050;\"><span style=\"font-family: Verdana, Arial, Geneva, Helvetica, Sans serif; font-size: small;\"><strong>Det finns \u00e4ven gott om foton <\/strong>av Calle Rehbinder p\u00e5 allehanda bloggar, fotografiska dagb\u00f6cker och hemsidor; den konstn\u00e4rligt erotiska hemsidan <a href=\"https:\/\/www.cirkuseros.nu\/\" target=\"_blank\" rel=\"noopener\"><strong>Cirkus Eros<\/strong><\/a>, de fotografiska dagb\u00f6ckerna <a href=\"http:\/\/www.rehbinder.se\/ar44\/index.html\" target=\"_blank\" rel=\"noopener\"><strong>\u00c5r 44<\/strong><\/a>, <a href=\"https:\/\/enbildvarjedag.wordpress.com\/\" target=\"_blank\" rel=\"noopener\"><strong>\u00c5r 50<\/strong><\/a>, <a href=\"https:\/\/ar55blog.wordpress.com\/\" target=\"_blank\" rel=\"noopener\"><strong>\u00c5r 55<\/strong><\/a>, <a href=\"https:\/\/ar60blog.wordpress.com\/\" target=\"_blank\" rel=\"noopener\"><strong>\u00c5r 60<\/strong><\/a>, samt bloggen <a href=\"https:\/\/hippiebuss.wordpress.com\/\" target=\"_blank\" rel=\"noopener\"><strong>Blixten<\/strong><\/a>.<strong><br \/><\/strong><\/span><\/span><\/p>\n<p><img loading=\"lazy\" decoding=\"async\" src=\"http:\/\/www.rehbinder.se\/wp-content\/uploads\/2023\/11\/thin_greystripe.jpg\" alt=\"\" width=\"584\" height=\"18\" \/><\/p>\n<p><span style=\"color: #505050;\"><span style=\"font-family: AGaramond, Garamond, Jenson, serif; font-size: x-large;\"><strong><img loading=\"lazy\" decoding=\"async\" src=\"http:\/\/www.rehbinder.se\/wp-content\/uploads\/2023\/11\/bodyart_collage.jpg\" alt=\"\" width=\"584\" height=\"192\" \/><br \/>Kroppsm\u00e5lning:<\/strong><\/span><br \/><span style=\"font-family: Verdana, Arial, Geneva, Helvetica, Sans serif; font-size: small;\"><strong>Calle har m\u00e5lat p\u00e5 m\u00e4nniskor i olika sammanhang sedan 1991. <\/strong>Det var d\u00e5 i samband med en fest p\u00e5 ett konstgalleri. Sedan har det blivit allt fr\u00e5n gravidmagar till m\u00f6hippor och svensexor, reklam, fester, tidningsartiklar, TV-program, workshops och konsthappenings p\u00e5 stan. <\/span><\/span><\/p>\n<p><span style=\"color: #505050;\"><span style=\"font-family: Verdana, Arial, Geneva, Helvetica, Sans serif; font-size: small;\"><strong>Mitt f\u00f6rsta professionella kroppsm\u00e5lningsuppdrag<\/strong> fick jag 1993, \u00e5t <strong>Expressen<\/strong>. Det ledde vidare till ett stort antal mer eller mindre spektakul\u00e4ra uppdrag \u00e5t <strong>Versace<\/strong>, <strong>Rosenthal<\/strong>, <strong>Nokia<\/strong>, <strong>Stockholm Stad<\/strong>, <strong>Guld\u00e4ggsgalan<\/strong>, <strong>Expressen<\/strong> (igen), <strong>Kulturhuset<\/strong>, <strong>SvT<\/strong>, <strong>TV4<\/strong> m.fl.<\/span><\/span><\/p>\n<p><span style=\"color: #505050;\"><span style=\"font-family: Verdana, Arial, Geneva, Helvetica, Sans serif; font-size: small;\"><a href=\"https:\/\/bodyartstockholm.com\/\" target=\"_blank\" rel=\"noopener\"><strong>L\u00e4s mer p\u00e5 Sidan Body Art Stockholm \u00bb<\/strong><\/a><br \/><\/span><\/span><\/p>\n<p><img loading=\"lazy\" decoding=\"async\" src=\"http:\/\/www.rehbinder.se\/wp-content\/uploads\/2023\/11\/thin_greystripe.jpg\" alt=\"\" width=\"584\" height=\"18\" \/><\/p>\n<p><span style=\"color: #505050;\"><span style=\"font-family: AGaramond, Garamond, Jenson, serif; font-size: x-large;\"><strong><img loading=\"lazy\" decoding=\"async\" src=\"http:\/\/www.rehbinder.se\/wp-content\/uploads\/2023\/11\/calle_storyteller.jpg\" alt=\"\" width=\"584\" height=\"191\" \/><br \/>Storytelling:<\/strong><\/span><br \/><span style=\"font-family: Verdana, Arial, Geneva, Helvetica, Sans serif; font-size: small;\"><strong>Jag har alltid varit en historieber\u00e4ttare<\/strong> \u2013 som sk\u00e5despelare, som regiss\u00f6r, som f\u00f6rfattare, som l\u00e4rare, kursledare och f\u00f6rel\u00e4sare, samt som f\u00f6r\u00e4lder till fyra barn. Mitt engagemang i ren storytelling tog dock fart 2003, d\u00e5 jag och n\u00e5gra v\u00e4nner anordnade en festival \u2013 <strong>Nordmyt<\/strong> \u2013 p\u00e5 Folkkulturcentrum p\u00e5 Skeppsholmen, med temat nordisk mytologi. Det ledde vidare till att jag blev engagerad i en ber\u00e4ttarfestival \u00e5ret d\u00e4rp\u00e5 (2004) \u2013 <strong>FABULA Storytelling Festival<\/strong> \u2013 p\u00e5 vilken jag var s\u00e5v\u00e4l ber\u00e4ttare som officiell fotograf samt grafisk formgivare. F\u00f6rutom FABULA har jag \u00e4ven varit med i flera andra ber\u00e4ttarsammanhang, som <strong>Ber\u00e4ttartorget<\/strong> i Gamla Stan, <strong>Vikingafestival<\/strong> p\u00e5 Adels\u00f6, i Hantverksl\u00e4gret under <strong>Medeltidsveckan<\/strong> i Visby \u2013 samt i skolklasser, och en del andra sammanhang.<\/span><\/span><\/p>\n<p><span style=\"color: #505050;\"><span style=\"font-family: Verdana, Arial, Geneva, Helvetica, Sans serif; font-size: small;\"><a href=\"https:\/\/sagoberattare.wordpress.com\/\" target=\"_blank\" rel=\"noopener\"><strong>L\u00e4s mer p\u00e5 sidan Sagober\u00e4ttare \u00bb<\/strong><\/a><\/span><\/span><\/p>\n<p><img loading=\"lazy\" decoding=\"async\" src=\"http:\/\/www.rehbinder.se\/wp-content\/uploads\/2023\/08\/stripe_584.jpg\" alt=\"\" width=\"584\" height=\"28\" \/><\/p>\n\n\n<p><\/p>\n","protected":false},"excerpt":{"rendered":"<p>Rehbinder &amp; Rehbinder HB erbjuder en m\u00e4ngd tj\u00e4nster av olika slag. Kurser, f\u00f6redrag, relationscoaching, fotouppdrag, kroppsm\u00e5lningsevent, artikelskrivande, muntligt ber\u00e4ttande, inl\u00e4sning av texter \u2013 och mer d\u00e4rtill. P\u00e5 denna sida ber\u00e4ttar vi kortfattat om de tj\u00e4nster vi erbjuder, och ger \u00e4ven &hellip; <a href=\"https:\/\/www.rehbinder.se\/index.php\/tjanster\/\">Forts\u00e4tt l\u00e4sa <span class=\"meta-nav\">&rarr;<\/span><\/a><\/p>\n","protected":false},"author":1,"featured_media":0,"parent":0,"menu_order":3,"comment_status":"closed","ping_status":"closed","template":"sidebar-page.php","meta":{"footnotes":""},"class_list":["post-116","page","type-page","status-publish","hentry"],"_links":{"self":[{"href":"https:\/\/www.rehbinder.se\/index.php\/wp-json\/wp\/v2\/pages\/116","targetHints":{"allow":["GET"]}}],"collection":[{"href":"https:\/\/www.rehbinder.se\/index.php\/wp-json\/wp\/v2\/pages"}],"about":[{"href":"https:\/\/www.rehbinder.se\/index.php\/wp-json\/wp\/v2\/types\/page"}],"author":[{"embeddable":true,"href":"https:\/\/www.rehbinder.se\/index.php\/wp-json\/wp\/v2\/users\/1"}],"replies":[{"embeddable":true,"href":"https:\/\/www.rehbinder.se\/index.php\/wp-json\/wp\/v2\/comments?post=116"}],"version-history":[{"count":19,"href":"https:\/\/www.rehbinder.se\/index.php\/wp-json\/wp\/v2\/pages\/116\/revisions"}],"predecessor-version":[{"id":188,"href":"https:\/\/www.rehbinder.se\/index.php\/wp-json\/wp\/v2\/pages\/116\/revisions\/188"}],"wp:attachment":[{"href":"https:\/\/www.rehbinder.se\/index.php\/wp-json\/wp\/v2\/media?parent=116"}],"curies":[{"name":"wp","href":"https:\/\/api.w.org\/{rel}","templated":true}]}}