{"id":26,"date":"2023-08-30T14:11:09","date_gmt":"2023-08-30T12:11:09","guid":{"rendered":"http:\/\/www.rehbinder.se\/?page_id=26"},"modified":"2025-10-06T13:53:15","modified_gmt":"2025-10-06T11:53:15","slug":"hemsidor","status":"publish","type":"page","link":"https:\/\/www.rehbinder.se\/index.php\/hemsidor\/","title":{"rendered":"V\u00e5ra hemsidor"},"content":{"rendered":"<p><img loading=\"lazy\" decoding=\"async\" src=\"http:\/\/www.rehbinder.se\/wp-content\/uploads\/2023\/09\/hemsidor_domaner.jpg\" alt=\"\" width=\"584\" height=\"130\" \/><\/p>\n<p><span style=\"color: #505050;\"><span style=\"font-family: AGaramond, Garamond, Jenson, serif; font-size: x-large;\"><strong>Egna dom\u00e4ner:<\/strong><\/span><br \/><span style=\"font-family: Verdana, Arial, Geneva, Helvetica, Sans serif; font-size: small;\"><strong>H\u00e4r hittar du l\u00e4nkar till alla v\u00e5ra hemsidor som har en egen dom\u00e4n:<\/strong><\/span><\/span><\/p>\n<p><a href=\"https:\/\/www.cirkuseros.nu\/\" target=\"_blank\" rel=\"noopener\"><strong><span style=\"font-family: Verdana, Arial, Geneva, Helvetica, Sans serif; font-size: medium;\">Cirkus Eros <\/span><\/strong><\/a><span style=\"font-family: Verdana, Arial, Geneva, Helvetica, Sans serif; font-size: medium;\">(cirkuseros.nu)<\/span><br \/><span style=\"font-family: Verdana, Arial, Geneva, Helvetica, Sans serif; font-size: small;\">V\u00e5r mest popul\u00e4ra sida, med m\u00e5nga tusen sidvisningar per dygn. Startades 1999, vilket g\u00f6r den till en av v\u00e5ra \u00e4ldsta sidor.<br \/><\/span><\/p>\n<p><span style=\"font-family: Verdana, Arial, Geneva, Helvetica, Sans serif; font-size: medium;\"><a href=\"http:\/\/grimner.info\/\" target=\"_blank\" rel=\"noopener\"><strong>Grimners Runor <\/strong><\/a>(grimner.info)<\/span><br \/><span style=\"font-family: Verdana, Arial, Geneva, Helvetica, Sans serif; font-size: small;\">Calles allra \u00e4ldsta hemsida, skapad i januari 1998, om runor, nordisk sed, ceremonier, shamanism m.m. Har vuxit med \u00e5ren, och har m\u00e5nga texter, bilder, l\u00e4nkar och annat sp\u00e4nnande inneh\u00e5ll.<br \/><\/span><\/p>\n<p><span style=\"font-family: Verdana, Arial, Geneva, Helvetica, Sans serif; font-size: medium;\"><a href=\"https:\/\/bodyartstockholm.com\/\" target=\"_blank\" rel=\"noopener\"><strong>Body Art Stockholm <\/strong><\/a>(bodyartstockholm.com)<\/span><br \/><span style=\"font-family: Verdana, Arial, Geneva, Helvetica, Sans serif; font-size: small;\">En hemsida om Calles olika projekt med kroppsm\u00e5lning. Massor med bilder fr\u00e5n olika uppdrag, happenings, fester, kurser, festivaler m.m.<\/span><\/p>\n<p><span style=\"font-family: Verdana, Arial, Geneva, Helvetica, Sans serif; font-size: medium;\"><a href=\"http:\/\/naken.it\/\" target=\"_blank\" rel=\"noopener\"><strong>Naken <\/strong><\/a>(naken.it)<\/span><br \/><span style=\"font-family: Verdana, Arial, Geneva, Helvetica, Sans serif; font-size: small;\">En hemsida om naturism, en av Calles allra f\u00f6rsta, som han f\u00f6rst satte ihop som en enkel HTML-sida under utbildningen Cross Media Publishing p\u00e5 MacMeckarna sommaren 1998. Nu i en helt ny, kraftigt uppdaterad WordPress-version.<br \/><\/span><\/p>\n<p><span style=\"font-family: Verdana, Arial, Geneva, Helvetica, Sans serif; font-size: medium;\"><a href=\"https:\/\/carljohanrehbinder.se\/\" target=\"_blank\" rel=\"noopener\"><strong>Carl Johan Rehbinder <\/strong><\/a>(carljohanrehbinder.se)<\/span><br \/><span style=\"font-family: Verdana, Arial, Geneva, Helvetica, Sans serif; font-size: small;\">En hemsida som \u00e4r helt inriktad p\u00e5 Calles skrivande. Texter och l\u00e4nkar till texter, av alla de slag \u2013 artiklar, poesi, teatermanuskript, noveller, m.m.<\/span><\/p>\n<p><span style=\"font-family: Verdana, Arial, Geneva, Helvetica, Sans serif; font-size: medium;\"><a href=\"http:\/\/www.rehbinder.se\/\" target=\"_blank\" rel=\"noopener\"><strong>Rehbinder.se <\/strong><\/a>(www.rehbinder.se)<\/span><br \/><span style=\"font-family: Verdana, Arial, Geneva, Helvetica, Sans serif; font-size: small;\">Den sida du befinner dig p\u00e5 just nu. Vi vill ha med alla v\u00e5ra dom\u00e4ner p\u00e5 denna l\u00e4nklista, s\u00e5 den f\u00e5r vara med h\u00e4r ocks\u00e5.<br \/><\/span><\/p>\n<p><span style=\"font-family: Verdana, Arial, Geneva, Helvetica, Sans serif; font-size: medium;\"><a href=\"https:\/\/eroseducation.se\/\" target=\"_blank\" rel=\"noopener\"><strong>Eros Education <\/strong><\/a>(eroseducation.se)<\/span><br \/><span style=\"font-family: Verdana, Arial, Geneva, Helvetica, Sans serif; font-size: small;\">En hemsida med fokus p\u00e5 v\u00e5ra kurser, p\u00e5 engelska. Denna sida finns i flera mer eller mindre f\u00e4rdiga, halvf\u00e4rdiga och p\u00e5b\u00f6rjade versioner. Den som ligger p\u00e5 egen dom\u00e4n \u00e4r fortfarande att betrakta som en p\u00e5b\u00f6rjad skiss.<br \/><\/span><\/p>\n<p><span style=\"font-family: Verdana, Arial, Geneva, Helvetica, Sans serif; font-size: medium;\"><strong><a href=\"https:\/\/lovefactory.se\/\" target=\"_blank\" rel=\"noopener\">Love Factory<\/a><\/strong> (lovefactory.se)<\/span><br \/><span style=\"font-family: Verdana, Arial, Geneva, Helvetica, Sans serif; font-size: small;\">En vilande sida. F\u00f6r flera \u00e5r sedan registrerade jag varum\u00e4rket Love Factory, f\u00f6r att anv\u00e4nda i v\u00e5r verksamhet p\u00e5 n\u00e5got s\u00e4tt. Tanken var bl.a. att kunna anv\u00e4nda det som namn p\u00e5 en lokal, om vi skulle ha \u00f6ppnat eget. Nu gjorde vi inte det, men namnet \u00e4r s\u00e5 bra att vi har beh\u00e5llit det i v\u00e4ntan p\u00e5 ett perfekt anv\u00e4ndningsomr\u00e5de.<br \/>P\u00e5 denna dom\u00e4n finns allts\u00e5 f\u00f6r n\u00e4rvarande ingen riktig hemsida, bara n\u00e5gra logoskisser.<br \/><\/span><\/p>\n<p><span style=\"font-family: Verdana, Arial, Geneva, Helvetica, Sans serif; font-size: medium;\"><a href=\"http:\/\/multiart.nu\/\" target=\"_blank\" rel=\"noopener\"><strong>Rehbinder MultiArt Productions <\/strong><\/a>(multiart.nu)<\/span><br \/><span style=\"font-family: Verdana, Arial, Geneva, Helvetica, Sans serif; font-size: small;\">Rehbinder MultiArt Productions \u00e4r Calles allra f\u00f6rsta egna dom\u00e4n (1998), med en hemsida som representerar Calles arbete med m\u00e5leri, illustration och grafisk form. <br \/>Denna sida \u00e4r allts\u00e5 j\u00e4ttegammal (borde ligga i mitt webmuseum), och fortfarande konstruerad med frames i HTML. Har inte uppdaterats sedan 2008.<br \/>Att jag inte har gjort en ny s\u00e5dan sida \u00e4r framf\u00f6r allt f\u00f6r att mitt m\u00e5lande och illustrerande avtog kraftigt f\u00f6r ett antal \u00e5r sedan. Men n\u00e5gon dag m\u00e5ste jag v\u00e4l g\u00f6ra en ny hemsida med mitt grafiska arbete.<br \/><\/span><\/p>\n<p><span style=\"font-family: Verdana, Arial, Geneva, Helvetica, Sans serif; font-size: medium;\"><a href=\"http:\/\/rehbinderbild.se\/\" target=\"_blank\" rel=\"noopener\"><strong>Rehbinderbild <\/strong><\/a>(rehbinderbild.se)<\/span><br \/><span style=\"font-family: Verdana, Arial, Geneva, Helvetica, Sans serif; font-size: small;\">En hemsida under utveckling. Tanken \u00e4r att det h\u00e4r ska presenteras Calles arbete med bild &amp; grafik \u2013 foto, m\u00e5leri, illustration, grafisk form &amp; design.<\/span><\/p>\n<p><img loading=\"lazy\" decoding=\"async\" src=\"http:\/\/www.rehbinder.se\/wp-content\/uploads\/2023\/11\/thin_greystripe.jpg\" alt=\"\" width=\"584\" height=\"18\" \/><\/p>\n<p><img loading=\"lazy\" decoding=\"async\" src=\"http:\/\/www.rehbinder.se\/wp-content\/uploads\/2023\/09\/hemsidor_kurshemsidor.jpg\" alt=\"\" width=\"584\" height=\"130\" \/><\/p>\n<p><span style=\"color: #505050;\"><span style=\"font-family: AGaramond, Garamond, Jenson, serif; font-size: x-large;\"><strong>Kurshemsidor p\u00e5 WordPress.com:<\/strong><\/span><br \/><span style=\"font-family: Verdana, Arial, Geneva, Helvetica, Sans serif; font-size: small;\"><strong>M\u00e5nga av v\u00e5ra hemsidor finns p\u00e5 WordPress.com, eftersom det \u00e4r gratis, och det \u00e4r enkelt att sl\u00e4nga ihop en ny hemsida utan n\u00e5gra st\u00f6rre \u00e5th\u00e4vor. Somliga av dessa kurser \u00e4r vilande eller helt enkelt gamla, som vi har gjort men l\u00e4mnat bakom oss av en eller annan anledning \u2013 men hemsidorna finns kvar.<\/strong><\/span><\/span><\/p>\n<p><a href=\"https:\/\/gudomlignjutning.wordpress.com\/\" target=\"_blank\" rel=\"noopener\"><span style=\"font-family: Verdana, Arial, Geneva, Helvetica, Sans serif; font-size: medium;\"><strong>Gudomlig Njutning<\/strong><\/span><\/a><br \/><span style=\"font-family: Verdana, Arial, Geneva, Helvetica, Sans serif; font-size: small;\">V\u00e5r grundkurs i k\u00e4rlek, sex, intimitet, kommunikation och Tantra f\u00f6r par, som vi startade 2004.<br \/><\/span><\/p>\n<p><a href=\"https:\/\/gudomligextas.wordpress.com\/\" target=\"_blank\" rel=\"noopener\"><span style=\"font-family: Verdana, Arial, Geneva, Helvetica, Sans serif; font-size: medium;\"><strong>Gudomlig Extas<\/strong><\/span><\/a><br \/><span style=\"font-family: Verdana, Arial, Geneva, Helvetica, Sans serif; font-size: small;\">V\u00e5r forts\u00e4ttningskurs f\u00f6r par i Stockholm, fr\u00e4mst till dem som har g\u00e5tt Gudomlig Njutning, och vill utvecklas mer, ta k\u00e4rlekslivet ett steg till.<\/span><\/p>\n<p><a href=\"http:\/\/tantralila.wordpress.com\/\" target=\"_blank\" rel=\"noopener\"><span style=\"font-family: Verdana, Arial, Geneva, Helvetica, Sans serif; font-size: medium;\"><strong>TantraLila<\/strong><\/span><\/a><br \/><span style=\"font-family: Verdana, Arial, Geneva, Helvetica, Sans serif; font-size: small;\">En lekfull tantrakurs f\u00f6r b\u00e5de par och enskilda.<\/span><\/p>\n<p><a href=\"https:\/\/intimmassage.wordpress.com\/\" target=\"_blank\" rel=\"noopener\"><span style=\"font-family: Verdana, Arial, Geneva, Helvetica, Sans serif; font-size: medium;\"><strong>Intimmassage<\/strong><\/span><\/a><br \/><span style=\"font-family: Verdana, Arial, Geneva, Helvetica, Sans serif; font-size: small;\">En kurs i erotisk, tantrisk massage f\u00f6r par. Vilande.<\/span><\/p>\n<p><a href=\"https:\/\/karleksretreat.wordpress.com\/\" target=\"_blank\" rel=\"noopener\"><span style=\"font-family: Verdana, Arial, Geneva, Helvetica, Sans serif; font-size: medium;\"><strong>K\u00e4rleksretreat<\/strong><\/span><\/a><br \/><span style=\"font-family: Verdana, Arial, Geneva, Helvetica, Sans serif; font-size: small;\">En liten k\u00e4rlekssemester f\u00f6r par, p\u00e5 Sveriges vackraste kursg\u00e5rd \u2013 Skeppsudden \u2013 som ligger vid Br\u00e5viken, i Norrk\u00f6pingstrakten.\u00a0<\/span><\/p>\n<p><a href=\"https:\/\/friattalska.wordpress.com\/\" target=\"_blank\" rel=\"noopener\"><span style=\"font-family: Verdana, Arial, Geneva, Helvetica, Sans serif; font-size: medium;\"><strong>Fri att \u00c4lska<\/strong><\/span><\/a><br \/><span style=\"font-family: Verdana, Arial, Geneva, Helvetica, Sans serif; font-size: small;\">En tantrakurs f\u00f6r par, p\u00e5 en paradisisk yogaretreat i Cevennes, Languedoc, s\u00f6dra Frankrike. Vilande.<\/span><\/p>\n<p><a href=\"https:\/\/livetsgodakurs.wordpress.com\/\" target=\"_blank\" rel=\"noopener\"><span style=\"font-family: Verdana, Arial, Geneva, Helvetica, Sans serif; font-size: medium;\"><strong>Livets Goda<\/strong><\/span><\/a><br \/><span style=\"font-family: Verdana, Arial, Geneva, Helvetica, Sans serif; font-size: small;\">En lyxig livsnjutarkurs f\u00f6r par p\u00e5 ett exklusivt chateau i s\u00f6dra Frankrike. Har vi h\u00e5llit 16 g\u00e5nger sedan 2007, senast 2024. Ledd av Calle och Jennie.<br \/><\/span><\/p>\n<p><a href=\"https:\/\/tranceformationimpro.wordpress.com\/\" target=\"_blank\" rel=\"noopener\"><span style=\"font-family: Verdana, Arial, Geneva, Helvetica, Sans serif; font-size: medium;\"><strong>Tranceformation Impro<\/strong><\/span><\/a><br \/><span style=\"font-family: Verdana, Arial, Geneva, Helvetica, Sans serif; font-size: small;\">Calles dynamiska och lekfulla kurs i teaterimprovisation.<br \/><\/span><\/p>\n<p><a href=\"https:\/\/uglyfuckingmonstertantra.wordpress.com\/\" target=\"_blank\" rel=\"noopener\"><span style=\"font-family: Verdana, Arial, Geneva, Helvetica, Sans serif; font-size: medium;\"><strong>Ugly Fucking Monster Tantra<\/strong><\/span><\/a><br \/><span style=\"font-family: Verdana, Arial, Geneva, Helvetica, Sans serif; font-size: small;\">En planerad helgkurs som \u00e4n s\u00e5 l\u00e4nge bara har realiserats som en festivalworkshop, som f\u00f6rvisso bem\u00f6ttes med enorm entusiasm. Den ligger och v\u00e4ntar eftersom den ena kursledaren (Sofia) f\u00f6r n\u00e4rvarande bor och arbetar i Karibien. Men hemsidan finns.<br \/><\/span><\/p>\n<p><a href=\"https:\/\/maktochfrihet.wordpress.com\/\" target=\"_blank\" rel=\"noopener\"><span style=\"font-family: Verdana, Arial, Geneva, Helvetica, Sans serif; font-size: medium;\"><strong>Makt &amp; Frihet<\/strong><\/span><\/a><br \/><span style=\"font-family: Verdana, Arial, Geneva, Helvetica, Sans serif; font-size: small;\">En alldeles ny, planerad helgkurs som beh\u00f6vde st\u00e4llas in, p\u00e5 grund av alldeles f\u00f6r f\u00e5 anm\u00e4lningar. Men hemsidan finns, och f\u00f6rhoppningsvis kan kursen bli verklighet kommande \u00e5r.<\/span><\/p>\n<p><a href=\"https:\/\/yoniblog.wordpress.com\/yoni-kvinnokurser\/\" target=\"_blank\" rel=\"noopener\"><span style=\"font-family: Verdana, Arial, Geneva, Helvetica, Sans serif; font-size: medium;\"><strong>YONI \u2013 Fri att Njuta<\/strong><\/span><\/a><br \/><span style=\"font-family: Verdana, Arial, Geneva, Helvetica, Sans serif; font-size: small;\">Jennies kurs om kvinnlig sexualitet. En helg- eller dagkurs f\u00f6r kvinnor, med b\u00e5de teoretisk och praktisk inriktning. Vilande.<br \/><\/span><\/p>\n<p><a href=\"https:\/\/kinkypassion.wordpress.com\/\" target=\"_blank\" rel=\"noopener\"><span style=\"font-family: Verdana, Arial, Geneva, Helvetica, Sans serif; font-size: medium;\"><strong>Kinky Passion<\/strong><\/span><\/a><br \/><span style=\"font-family: Verdana, Arial, Geneva, Helvetica, Sans serif; font-size: small;\">En lekfull kurs med inriktning p\u00e5 Tantra, BDSM och dans, med Calle och Li Tadaa som kursledare. H\u00f6lls ett antal g\u00e5nger, numera vilande.<br \/><\/span><\/p>\n<p><a href=\"https:\/\/beroring.wordpress.com\/\" target=\"_blank\" rel=\"noopener\"><span style=\"font-family: Verdana, Arial, Geneva, Helvetica, Sans serif; font-size: medium;\"><strong>K\u00e4rleksfull ber\u00f6ring<\/strong><\/span><\/a><br \/><span style=\"font-family: Verdana, Arial, Geneva, Helvetica, Sans serif; font-size: small;\">Jennies kurs om just k\u00e4rleksfull ber\u00f6ring. Vilande.<br \/><\/span><\/p>\n<p><a href=\"https:\/\/gudardjur.wordpress.com\/\" target=\"_blank\" rel=\"noopener\"><span style=\"font-family: Verdana, Arial, Geneva, Helvetica, Sans serif; font-size: medium;\"><strong>Gudar &amp; Djur<\/strong><\/span><\/a><br \/><span style=\"font-family: Verdana, Arial, Geneva, Helvetica, Sans serif; font-size: small;\">En djupg\u00e5ende kurs p\u00e5 Skeppsuddens kursg\u00e5rd, med temat Tantra, shamanism och ecosexualitet. Ledd av Calle och Ana Olivegren. Vilande.<\/span><\/p>\n<p><a href=\"https:\/\/ecstasyplay.wordpress.com\/\" target=\"_blank\" rel=\"noopener\"><span style=\"font-family: Verdana, Arial, Geneva, Helvetica, Sans serif; font-size: medium;\"><strong>Ecstacy Play<\/strong><\/span><\/a><br \/><span style=\"font-family: Verdana, Arial, Geneva, Helvetica, Sans serif; font-size: small;\">En lekfull och utforskande kurs med inriktning p\u00e5 BDSM, med Calle och Andy Buru som kursledare. H\u00f6lls ett antal g\u00e5nger, numera vilande.<\/span><\/p>\n<p><a href=\"https:\/\/powerdynamic.wordpress.com\/\" target=\"_blank\" rel=\"noopener\"><span style=\"font-family: Verdana, Arial, Geneva, Helvetica, Sans serif; font-size: medium;\"><strong>Sweet Surrender<\/strong><\/span><\/a><br \/><span style=\"font-family: Verdana, Arial, Geneva, Helvetica, Sans serif; font-size: small;\">En kurs Calle h\u00f6ll tillsammans med Ruby May h\u00f6sten 2013 och h\u00f6sten 2014 \u2013 med undertiteln \u201dPower Dynamics in Relationships\u201d.<br \/><\/span><\/p>\n<p><a href=\"https:\/\/theartofdevotion.wordpress.com\/\" target=\"_blank\" rel=\"noopener\"><span style=\"font-family: Verdana, Arial, Geneva, Helvetica, Sans serif; font-size: medium;\"><strong>The Art of Devotion<\/strong><\/span><\/a><br \/><span style=\"font-family: Verdana, Arial, Geneva, Helvetica, Sans serif; font-size: small;\">Gudomlig Njutning p\u00e5 engelska. Tyv\u00e4rr har det aldrig blivit en s\u00e5dan kurs i praktiken, eftersom vi inte fick ihop tillr\u00e4ckligt med deltagare. V\u00e5r kundkrets \u00e4r i allra h\u00f6gsta grad svenskspr\u00e5kig \u2013 men vi f\u00f6rberedde i alla fall m\u00f6jligheten genom denna hemsida.<\/span><\/p>\n<p><img loading=\"lazy\" decoding=\"async\" src=\"http:\/\/www.rehbinder.se\/wp-content\/uploads\/2023\/11\/thin_greystripe.jpg\" alt=\"\" width=\"584\" height=\"18\" \/><\/p>\n<p><img loading=\"lazy\" decoding=\"async\" src=\"http:\/\/www.rehbinder.se\/wp-content\/uploads\/2023\/09\/hemsidor_andra_kurshemsidor.jpg\" alt=\"\" width=\"584\" height=\"197\" \/><\/p>\n<p><span style=\"color: #505050;\"><span style=\"font-family: AGaramond, Garamond, Jenson, serif; font-size: x-large;\"><strong>Kurshemsidor i annat format:<\/strong><\/span><br \/><span style=\"font-family: Verdana, Arial, Geneva, Helvetica, Sans serif; font-size: small;\"><strong>En g\u00e5ng i tiden tillverkade Calle alla sina hemsidor i ren HTML, och n\u00e5gra reliker finns fortfarande kvar. Det mesta \u00e4r utbytt mot WordPress, men n\u00e5gra vilande sidor finns kvar.<\/strong><\/span><\/span><\/p>\n<p><a href=\"http:\/\/www.multiart.nu\/eroseducation\/\" target=\"_blank\" rel=\"noopener\"><span style=\"font-family: Verdana, Arial, Geneva, Helvetica, Sans serif; font-size: medium;\"><strong>Eros Education<\/strong><\/span><\/a><br \/><span style=\"font-family: Verdana, Arial, Geneva, Helvetica, Sans serif; font-size: small;\">F\u00f6rsta HTML-versionen av v\u00e5r engelska infosida om v\u00e5ra kurser. \u00c4r att betrakta som en del av v\u00e5rt webmuseum, eftersom den inte \u00e4r aktuell.<br \/><\/span><\/p>\n<p><a href=\"https:\/\/www.cirkuseros.nu\/sidor\/mmmm\/index.html\" target=\"_blank\" rel=\"noopener\"><span style=\"font-family: Verdana, Arial, Geneva, Helvetica, Sans serif; font-size: medium;\"><strong>Mandom, Mod &amp; Morske M\u00e4n<\/strong><\/span><\/a><br \/><span style=\"font-family: Verdana, Arial, Geneva, Helvetica, Sans serif; font-size: small;\">Hemsida f\u00f6r Calles manskurser, som dock har legat still i flera \u00e5r, och d\u00e4rf\u00f6r \u00e4r denna sida inaktuell. Sista kurshemsidan som \u00e4r byggd helt i HTML.<br \/><\/span><\/p>\n<p><img loading=\"lazy\" decoding=\"async\" src=\"http:\/\/www.rehbinder.se\/wp-content\/uploads\/2023\/11\/thin_greystripe.jpg\" alt=\"\" width=\"584\" height=\"18\" \/><\/p>\n<p><img loading=\"lazy\" decoding=\"async\" src=\"http:\/\/www.rehbinder.se\/wp-content\/uploads\/2023\/09\/hemsidor_fotosidor.jpg\" alt=\"\" width=\"584\" height=\"130\" \/><\/p>\n<p><span style=\"color: #505050;\"><span style=\"font-family: AGaramond, Garamond, Jenson, serif; font-size: x-large;\"><strong>Fotogallerier:<\/strong><\/span><br \/><span style=\"font-family: Verdana, Arial, Geneva, Helvetica, Sans serif; font-size: small;\"><strong>Under denna kategori hittar man b\u00e5de sidor byggda i HTML och WordPress. Calle har dock fortfarande en uppgift framf\u00f6r sig \u2013 att bygga en rej\u00e4l hemsida med ett representativt fotogalleri.<\/strong><\/span><\/span><\/p>\n<p><a href=\"http:\/\/www.multiart.nu\/photogallery\/\" target=\"_blank\" rel=\"noopener\"><span style=\"font-family: Verdana, Arial, Geneva, Helvetica, Sans serif; font-size: medium;\"><strong>Carl Johan Rehbinder \u2022 Photo Gallery<\/strong><\/span><\/a><br \/><span style=\"font-family: Verdana, Arial, Geneva, Helvetica, Sans serif; font-size: small;\">En gammal sida, gjord i HTML \u2013 borde egentligen ligga i webmuseet, men eftersom Calle inte har lyckats s\u00e4tta ihop en ny bildgallerisida som p\u00e5 ett effektivt s\u00e4tt exponerar hans fotograferande genom \u00e5ren, s\u00e5 f\u00e5r den ligga h\u00e4r bland de \u00f6vriga fotogallerierna. Den \u00e4r trots allt r\u00e4tt snygg.<br \/><\/span><\/p>\n<p><a href=\"https:\/\/rehbinder.se\/jenniefotografi\/\" target=\"_blank\" rel=\"noopener\"><span style=\"font-family: Verdana, Arial, Geneva, Helvetica, Sans serif; font-size: medium;\"><strong>Jennie Rehbinder Fotografi<\/strong><\/span><\/a><br \/><span style=\"font-family: Verdana, Arial, Geneva, Helvetica, Sans serif; font-size: small;\">Ocks\u00e5 en gammal HTML-sida som borde ligga i webmuseet, men det \u00e4r fina bilder som Jennie har producerat, s\u00e5 sidan f\u00e5r vara med h\u00e4r bland de andra fotosidorna.<br \/><\/span><\/p>\n<p><a href=\"https:\/\/bildgallerier.wordpress.com\/\" target=\"_blank\" rel=\"noopener\"><span style=\"font-family: Verdana, Arial, Geneva, Helvetica, Sans serif; font-size: medium;\"><strong>Carl Johan Rehbinder \u2022 Bildgallerier<\/strong><\/span><\/a><br \/><span style=\"font-family: Verdana, Arial, Geneva, Helvetica, Sans serif; font-size: small;\">En ren brukssida \u2013 ett icke publikt arbetsgalleri d\u00e4r Calle fr\u00e4mst exponerar bilder f\u00f6r specifika \u00e4ndam\u00e5l, riktat till kund eller annan mottagare.<br \/><\/span><\/p>\n<p><a href=\"http:\/\/www.rehbinder.se\/ar44\/index.html\" target=\"_blank\" rel=\"noopener\"><span style=\"font-family: Verdana, Arial, Geneva, Helvetica, Sans serif; font-size: medium;\"><strong>\u00c5r 44<\/strong><\/span><\/a><br \/><span style=\"font-family: Verdana, Arial, Geneva, Helvetica, Sans serif; font-size: small;\">Inspirerad av ett projekt av fotografen Walter Hirsch, som gjorde en fotografisk dagbok, som till slut \u00e4ven blev en faktisk bok, blev detta en fotografisk dagbok p\u00e5 n\u00e4tet. Den p\u00e5b\u00f6rjades 2005, d\u00e5 bloggar var en helt ny grej, som inte hade utvecklats tekniskt s\u00e5 bra \u00e4nnu, s\u00e5 Calle byggde denna hemsida i HTML, men med utseendet av en blogg.<br \/>Id\u00e9n var att b\u00f6rja p\u00e5 Calles 43:e f\u00f6delsedag, den 30 augusti 2005, och sen ta minst en bild om dagen, publicera en av dem, under ett helt \u00e5r, fram t.o.m. Calles 44:e f\u00f6delsedag. D\u00e4rav namnet \u00c5r 44, eftersom det var under hans 44:e \u00e5r i livet.<br \/>Skapad 2005, byggd i HTML, fast med utseendet av en blogg.<br \/><\/span><\/p>\n<p><a href=\"https:\/\/enbildvarjedag.wordpress.com\/\" target=\"_blank\" rel=\"noopener\"><span style=\"font-family: Verdana, Arial, Geneva, Helvetica, Sans serif; font-size: medium;\"><strong>\u00c5r 50<\/strong><\/span><\/a><br \/><span style=\"font-family: Verdana, Arial, Geneva, Helvetica, Sans serif; font-size: small;\">N\u00e5gra \u00e5r senare best\u00e4mde Calle sig f\u00f6r att g\u00f6ra samma projekt en g\u00e5ng till, men denna g\u00e5ng fanns det WordPress-teman som var l\u00e4ttillg\u00e4ngliga och l\u00e4ttanv\u00e4nda, s\u00e5 nu blev det en blogg p\u00e5 riktigt. Samma tema som \u00c5r 44 \u2013 fast Calle b\u00f6rjade nu p\u00e5 sin 49:e f\u00f6delsedag och avslutade p\u00e5 sin 50:e.<br \/>Skapad 2011, byggd i WordPress.<br \/><\/span><\/p>\n<p><a href=\"https:\/\/ar55blog.wordpress.com\/\" target=\"_blank\" rel=\"noopener\"><span style=\"font-family: Verdana, Arial, Geneva, Helvetica, Sans serif; font-size: medium;\"><strong>\u00c5r 55<\/strong><\/span><\/a><br \/><span style=\"font-family: Verdana, Arial, Geneva, Helvetica, Sans serif; font-size: small;\">Samma tema som \u00c5r 44 och \u00e5r 50 \u2013 fast Calle b\u00f6rjade nu p\u00e5 sin 54:e f\u00f6delsedag och avslutade p\u00e5 sin 55:e.<br \/>Skapad 2016, byggd i WordPress.<br \/><\/span><\/p>\n<p><a href=\"https:\/\/ar60blog.wordpress.com\/\" target=\"_blank\" rel=\"noopener\"><span style=\"font-family: Verdana, Arial, Geneva, Helvetica, Sans serif; font-size: medium;\"><strong>\u00c5r 60<\/strong><\/span><\/a><br \/><span style=\"font-family: Verdana, Arial, Geneva, Helvetica, Sans serif; font-size: small;\">Samma tema som tidigare fotografiska dagb\u00f6cker. B\u00f6rjade p\u00e5 Calles f\u00f6delsedag den 30 augusti 2021, och slutade den 30 augusti 2022.<br \/>Skapad 2021, byggd i WordPress.<br \/><\/span><\/p>\n<p><a href=\"https:\/\/rehbinderbild.wordpress.com\/\" target=\"_blank\" rel=\"noopener\"><span style=\"font-family: Verdana, Arial, Geneva, Helvetica, Sans serif; font-size: medium;\"><strong>Rehbinder Bild<\/strong><\/span><\/a><br \/><span style=\"font-family: Verdana, Arial, Geneva, Helvetica, Sans serif; font-size: small;\">Ett p\u00e5b\u00f6rjat f\u00f6rs\u00f6k att g\u00f6ra en bildblogg i WordPressformat 2008. Anv\u00e4nder jag numer mest f\u00f6r att visa p\u00e5g\u00e5ende fotoprojekt f\u00f6r dem det g\u00e4ller.<br \/><\/span><\/p>\n<p><img loading=\"lazy\" decoding=\"async\" src=\"http:\/\/www.rehbinder.se\/wp-content\/uploads\/2023\/11\/thin_greystripe.jpg\" alt=\"\" width=\"584\" height=\"18\" \/><\/p>\n<p><img loading=\"lazy\" decoding=\"async\" src=\"http:\/\/www.rehbinder.se\/wp-content\/uploads\/2023\/09\/hemsidor_ovriga_wp.jpg\" alt=\"\" width=\"584\" height=\"130\" \/><\/p>\n<p><span style=\"color: #505050;\"><span style=\"font-family: AGaramond, Garamond, Jenson, serif; font-size: x-large;\"><strong>\u00d6vriga hemsidor &amp; bloggar p\u00e5 WordPress.com:<\/strong><\/span><br \/><span style=\"font-family: Verdana, Arial, Geneva, Helvetica, Sans serif; font-size: small;\"><strong>F\u00f6rutom alla hemsidor om kurser och bildgallerier har vi f\u00f6rst\u00e5s en m\u00e4ngd andra hemsidor och bloggar om allehanda intresseomr\u00e5den:<\/strong><\/span><\/span><\/p>\n<p><a href=\"https:\/\/sagoberattare.wordpress.com\/\" target=\"_blank\" rel=\"noopener\"><span style=\"font-family: Verdana, Arial, Geneva, Helvetica, Sans serif; font-size: medium;\"><strong>Sagober\u00e4ttare<\/strong><\/span><\/a><br \/><span style=\"font-family: Verdana, Arial, Geneva, Helvetica, Sans serif; font-size: small;\">Ett nytt webprojekt f\u00f6r mitt muntliga ber\u00e4ttande, i vilket jag \u00e4ven inkluderat en v\u00e4n och kollega \u2013 Celso Paco \u2013 med vilken jag har planer f\u00f6r publika ber\u00e4ttarf\u00f6rest\u00e4llningar. Vi f\u00e5r se hur det g\u00e5r med det. F\u00f6rst m\u00e5ste hemsidan bli n\u00e5gorlunda klar.<\/span><\/p>\n<p><a href=\"https:\/\/cirkuserosevent.wordpress.com\/\" target=\"_blank\" rel=\"noopener\"><span style=\"font-family: Verdana, Arial, Geneva, Helvetica, Sans serif; font-size: medium;\"><strong>Cirkus Eros Event<\/strong><\/span><\/a><br \/><span style=\"font-family: Verdana, Arial, Geneva, Helvetica, Sans serif; font-size: small;\">En WordPress-sida f\u00f6r v\u00e5ra erotiska fester. Tyv\u00e4rr hann vi bara med en fest efter att vi skapat just detta koncept (2019), f\u00f6r ganska snart d\u00e4refter kom pandemin. Men det kommer s\u00e4kert b\u00e4ttre tider igen, med nya sexiga fester.<br \/><\/span><\/p>\n<p><a href=\"https:\/\/taktilen.wordpress.com\/\" target=\"_blank\" rel=\"noopener\"><span style=\"font-family: Verdana, Arial, Geneva, Helvetica, Sans serif; font-size: medium;\"><strong>Taktil Stimulering<\/strong><\/span><\/a><br \/><span style=\"font-family: Verdana, Arial, Geneva, Helvetica, Sans serif; font-size: small;\">Jennies marknadsf\u00f6ringssida f\u00f6r hennes kroppsbehandlingar. Vilande verksamhet.<\/span><\/p>\n<p><a href=\"https:\/\/pleasureandpainthequest.wordpress.com\/\" target=\"_blank\" rel=\"noopener\"><span style=\"font-family: Verdana, Arial, Geneva, Helvetica, Sans serif; font-size: medium;\"><strong>S\u00f6kandet efter Njutningens K\u00e4lla<\/strong><\/span><\/a><br \/><span style=\"font-family: Verdana, Arial, Geneva, Helvetica, Sans serif; font-size: small;\">En WordPress-sida f\u00f6r ett TV-projekt. Vilande.<\/span><\/p>\n<p><a href=\"https:\/\/tantrikblog.wordpress.com\/\" target=\"_blank\" rel=\"noopener\"><span style=\"font-family: Verdana, Arial, Geneva, Helvetica, Sans serif; font-size: medium;\"><strong>TantraBlog<\/strong><\/span><\/a><br \/><span style=\"font-family: Verdana, Arial, Geneva, Helvetica, Sans serif; font-size: small;\">Calles f\u00f6rsta riktiga blogg, med artiklar om k\u00e4rlek, sex, kultur och politik \u2013 och lite annat. Den fick en del genomslag n\u00e4r den var som mest aktuell 2008-2010, och hamnade p\u00e5 en lista \u00f6ver de 100 mest inflytelserika politiska bloggarna. Bloggen var som mest aktiv 2007-2017, men sen blev den blockad p\u00e5 Facebook, och d\u00e5 kunde man inte l\u00e4ngre l\u00e4nka till den, vilket gjorde den sv\u00e5r att anv\u00e4nda som forum. 2018-2021 blev det ett inl\u00e4gg per \u00e5r, vilket allts\u00e5 i praktiken innebar att den var d\u00f6d, eller \u00e5tminstone i koma. Jag har dock kommit ig\u00e5ng lite igen p\u00e5 bloggen, eftersom den inte \u00e4r blockad av Facebook l\u00e4ngre. Mycket intressant l\u00e4sning kan man hitta d\u00e4r.<br \/><\/span><\/p>\n<p><a href=\"https:\/\/fulabilar.wordpress.com\/\" target=\"_blank\" rel=\"noopener\"><span style=\"font-family: Verdana, Arial, Geneva, Helvetica, Sans serif; font-size: medium;\"><strong>V\u00e4rldens fulaste bilar \u2013 bloggen<\/strong><\/span><\/a><br \/><span style=\"font-family: Verdana, Arial, Geneva, Helvetica, Sans serif; font-size: small;\">Bygger p\u00e5 id\u00e9n att g\u00f6ra en hemsida p\u00e5 temat riktigt h\u00e5rda och brutala s\u00e5gningar av d\u00e5lig formgivning p\u00e5 bilar, och f\u00f6rst skapades en HTML-sida p\u00e5 temat, men senare kom denna blogg i WordPress p\u00e5 samma tema.<br \/><\/span><\/p>\n<p><a href=\"https:\/\/hippiebuss.wordpress.com\/\" target=\"_blank\" rel=\"noopener\"><span style=\"font-family: Verdana, Arial, Geneva, Helvetica, Sans serif; font-size: medium;\"><strong>Blixten \u2013 V\u00e5r fina hippiebuss<\/strong><\/span><\/a><br \/><span style=\"font-family: Verdana, Arial, Geneva, Helvetica, Sans serif; font-size: small;\">2014 k\u00f6pte vi en gammal husbil, en Opel Blitz fr\u00e5n 1968, och den var s\u00e5 charmig och gullig, och vi hade s\u00e5 roliga \u00e4ventyr med den (och har fortfarande), s\u00e5 den fick en egen WordPress-blogg. Fr\u00e4mst f\u00f6r att skildra alla de \u00e4ventyr vi har haft med bussen.<\/span><\/p>\n<p><a href=\"https:\/\/ecstaticjourney.wordpress.com\/\" target=\"_blank\" rel=\"noopener\"><span style=\"font-family: Verdana, Arial, Geneva, Helvetica, Sans serif; font-size: medium;\"><strong>Ecstatic Journey<\/strong><\/span><\/a><br \/><span style=\"font-family: Verdana, Arial, Geneva, Helvetica, Sans serif; font-size: small;\">En WordPress-sida med information fr\u00e4mst om trumresor och lite andra aktiviteter i fornskandinavisk hednisk tradition. Var som mest aktiv n\u00e4r Calle faktiskt h\u00f6ll trumresor regelbundet i en k\u00e4llarlokal i Gamla Stan.<br \/><\/span><\/p>\n<p><a href=\"https:\/\/magiskarummet.wordpress.com\/\" target=\"_blank\" rel=\"noopener\"><span style=\"font-family: Verdana, Arial, Geneva, Helvetica, Sans serif; font-size: medium;\"><strong>Det Magiska Rummet<\/strong><\/span><\/a><br \/><span style=\"font-family: Verdana, Arial, Geneva, Helvetica, Sans serif; font-size: small;\">En WordPress-sida om Calles olika teateraktiviteter. \u00c4r mer vilande efter att Calle skapade en separat sida f\u00f6r sina kurser i improvisationsteater \u2013 Tranceformation Impro.<br \/><\/span><\/p>\n<p><a href=\"https:\/\/sexpositiv.wordpress.com\/\" target=\"_blank\" rel=\"noopener\"><span style=\"font-family: Verdana, Arial, Geneva, Helvetica, Sans serif; font-size: medium;\"><strong>SEX +<\/strong><\/span><\/a><br \/><span style=\"font-family: Verdana, Arial, Geneva, Helvetica, Sans serif; font-size: small;\">En sexpositiv WordPress-blogg, som dock aldrig blev mer \u00e4n en p\u00e5b\u00f6rjad blogg, med fyra-fem bloggposter. Men ganska snygg \u00e4nd\u00e5.<br \/><\/span><\/p>\n<p><img loading=\"lazy\" decoding=\"async\" src=\"http:\/\/www.rehbinder.se\/wp-content\/uploads\/2023\/11\/thin_greystripe.jpg\" alt=\"\" width=\"584\" height=\"18\" \/><\/p>\n<p><img loading=\"lazy\" decoding=\"async\" src=\"http:\/\/www.rehbinder.se\/wp-content\/uploads\/2023\/09\/hemsidor_museum.jpg\" alt=\"\" width=\"584\" height=\"130\" \/><\/p>\n<p><span style=\"color: #505050;\"><span style=\"font-family: AGaramond, Garamond, Jenson, serif; font-size: x-large;\"><strong>Webmuseum:<\/strong><\/span><br \/><span style=\"font-family: Verdana, Arial, Geneva, Helvetica, Sans serif; font-size: small;\"><strong>Vi har en del j\u00e4ttegamla hemsidor, byggda i primitiv HTML, som kanske inte alltid \u00e4r s\u00e5 aktuella, men som \u00e4nd\u00e5 kan ha ett visst antikvariskt intresse f\u00f6r somliga. Dessa hemsidor hittar du h\u00e4r:<\/strong><\/span><\/span><\/p>\n<p><a href=\"https:\/\/callefyller50.wordpress.com\/\" target=\"_blank\" rel=\"noopener\"><span style=\"font-family: Verdana, Arial, Geneva, Helvetica, Sans serif; font-size: medium;\"><strong>Calle fyller 50!<\/strong><\/span><\/a><br \/><span style=\"font-family: Verdana, Arial, Geneva, Helvetica, Sans serif; font-size: small;\">En direkt projektorienterad WordPress-sida, som enbart fyllde en tidsbunden funktion som informationssida f\u00f6r ett f\u00f6delsedagsfirande.<br \/><\/span><\/p>\n<p><a href=\"https:\/\/callefyller60.wordpress.com\/\" target=\"_blank\" rel=\"noopener\"><span style=\"font-family: Verdana, Arial, Geneva, Helvetica, Sans serif; font-size: medium;\"><strong>Calle fyller 60!<\/strong><\/span><\/a><br \/><span style=\"font-family: Verdana, Arial, Geneva, Helvetica, Sans serif; font-size: small;\">En direkt projektorienterad WordPress-sida, som enbart fyllde en tidsbunden funktion som informationssida f\u00f6r ett f\u00f6delsedagsfirande.<\/span><\/p>\n<p><a href=\"http:\/\/www.multiart.nu\/artmobile\/index.html\" target=\"_blank\" rel=\"noopener\"><span style=\"font-family: Verdana, Arial, Geneva, Helvetica, Sans serif; font-size: medium;\"><strong>Artmobile<\/strong><\/span><\/a><br \/><span style=\"font-family: Verdana, Arial, Geneva, Helvetica, Sans serif; font-size: small;\">En specialhemsida f\u00f6r Calles illustration, m\u00e5leri, grafisk form, digital design m.m., med fokus p\u00e5 bilar som motiv. Ett sidosp\u00e5r fr\u00e5n Rehbinder MultiArt Productions, skulle man kunna s\u00e4ga.<br \/>Skapad 1998, byggd i HTML.<br \/><\/span><\/p>\n<p><a href=\"http:\/\/www.multiart.nu\/cci\/\" target=\"_blank\" rel=\"noopener\"><span style=\"font-family: Verdana, Arial, Geneva, Helvetica, Sans serif; font-size: medium;\"><strong>Calle&#8217;s Custom Icons<\/strong><\/span><\/a><br \/><span style=\"font-family: Verdana, Arial, Geneva, Helvetica, Sans serif; font-size: small;\">En av Calles allra \u00e4ldsta hemsidor, med fokus p\u00e5 datorikoner och annan digital grafik.<br \/>Skapad i januari 1998, byggd i HTML.<br \/><\/span><\/p>\n<p><a href=\"http:\/\/www.multiart.nu\/cv\/index.html\" target=\"_blank\" rel=\"noopener\"><span style=\"font-family: Verdana, Arial, Geneva, Helvetica, Sans serif; font-size: medium;\"><strong>Curriculum Vitae<\/strong><\/span><\/a><br \/><span style=\"font-family: Verdana, Arial, Geneva, Helvetica, Sans serif; font-size: small;\">Precis vad rubriken s\u00e4ger \u2013 en CV-sida med olika avdelningar f\u00f6r Calles arbete med foto, illustration &amp; m\u00e5leri, teater &amp; film, skrivande, musik &amp; annat. Eftersom sidan \u00e4r v\u00e4ldigt gammal \u00e4r den inaktuell (inte uppdaterad p\u00e5 \u00f6ver 20 \u00e5r), och jag har nyare CV p\u00e5 andra platser p\u00e5 n\u00e4tet. Klar museipj\u00e4s.<br \/>Skapad 2001-2002, byggd i HTML.<br \/><\/span><\/p>\n<p><a href=\"http:\/\/www.multiart.nu\/idavallen\/\" target=\"_blank\" rel=\"noopener\"><span style=\"font-family: Verdana, Arial, Geneva, Helvetica, Sans serif; font-size: medium;\"><strong>Idavallen<\/strong><\/span><\/a><br \/><span style=\"font-family: Verdana, Arial, Geneva, Helvetica, Sans serif; font-size: small;\">Ett lokalt n\u00e4tverk f\u00f6r nordiska hedningar och shamaner i Stockholm, som fanns p\u00e5 mitten av 2000-talet.<br \/>Skapad 2003, byggd i HTML.<br \/><\/span><\/p>\n<p><a href=\"http:\/\/www.multiart.nu\/kaffe\/\" target=\"_blank\" rel=\"noopener\"><span style=\"font-family: Verdana, Arial, Geneva, Helvetica, Sans serif; font-size: medium;\"><strong>Fru Ben Djamils Kaffe<\/strong><\/span><\/a><br \/><span style=\"font-family: Verdana, Arial, Geneva, Helvetica, Sans serif; font-size: small;\">En teaterproduktion som Calle regisserade, baserad p\u00e5 en pj\u00e4s av Claude Kayat, som spelades p\u00e5 Spegelteatern i februari 2003.<br \/>Skapad 2002, byggd i HTML.<br \/><\/span><\/p>\n<p><a href=\"http:\/\/www.multiart.nu\/fulabilar\/\" target=\"_blank\" rel=\"noopener\"><span style=\"font-family: Verdana, Arial, Geneva, Helvetica, Sans serif; font-size: medium;\"><strong>V\u00e4rldens fulaste bilar<\/strong><\/span><\/a><br \/><span style=\"font-family: Verdana, Arial, Geneva, Helvetica, Sans serif; font-size: small;\">F\u00f6rsta versionen av denna hemsida, helt byggd i HTML. Den finns ocks\u00e5 i en mer aktuell WordPressversion, med samma namn.<br \/><\/span><\/p>\n<p><a href=\"http:\/\/www.rehbinder.se\/clodvig\/index.html\" target=\"_blank\" rel=\"noopener\"><span style=\"font-family: Verdana, Arial, Geneva, Helvetica, Sans serif; font-size: medium;\"><strong>Clodvigs Hus<\/strong><\/span><\/a><br \/><span style=\"font-family: Verdana, Arial, Geneva, Helvetica, Sans serif; font-size: small;\">En lekfull hobbysida om ett gosedjur och hans hus.<br \/>Skapad 1998, byggd i HTML.<br \/><\/span><\/p>\n<p><a href=\"http:\/\/www.multiart.nu\/ratatosk\/index.html\" target=\"_blank\" rel=\"noopener\"><span style=\"font-family: Verdana, Arial, Geneva, Helvetica, Sans serif; font-size: medium;\"><strong>Ratatosk<\/strong><\/span><\/a><br \/><span style=\"font-family: Verdana, Arial, Geneva, Helvetica, Sans serif; font-size: small;\">Ett Stockholmsbaserat n\u00e4tverk f\u00f6r nordiska hedningar och shamaner, ett slags andra generationens Yggdrasil, som fanns fr\u00e5n 1996 till mitten av 2000-talet.<br \/>Skapad 1998, byggd i HTML.<br \/><\/span><\/p>\n<p><a href=\"http:\/\/www.rehbinder.se\/brollop\/index.html\" target=\"_blank\" rel=\"noopener\"><span style=\"font-family: Verdana, Arial, Geneva, Helvetica, Sans serif; font-size: medium;\"><strong>Calles &amp; Jennies br\u00f6llop 2003<\/strong><\/span><\/a><br \/><span style=\"font-family: Verdana, Arial, Geneva, Helvetica, Sans serif; font-size: small;\">En hemsida om v\u00e5rt br\u00f6llop, som f\u00f6rst var en del av inbjudan till v\u00e5ra br\u00f6llopsg\u00e4ster, och direkt efter br\u00f6llopet blev sidan ett minnesdokument, med bilder och annat skoj.<br \/>Skapad 2003, byggd i HTML.<\/span><\/p>\n<p><img loading=\"lazy\" decoding=\"async\" src=\"http:\/\/www.rehbinder.se\/wp-content\/uploads\/2023\/08\/stripe_584.jpg\" alt=\"\" width=\"584\" height=\"28\" \/><\/p>\n\n\n<p><\/p>\n","protected":false},"excerpt":{"rendered":"<p>Egna dom\u00e4ner:H\u00e4r hittar du l\u00e4nkar till alla v\u00e5ra hemsidor som har en egen dom\u00e4n: Cirkus Eros (cirkuseros.nu)V\u00e5r mest popul\u00e4ra sida, med m\u00e5nga tusen sidvisningar per dygn. Startades 1999, vilket g\u00f6r den till en av v\u00e5ra \u00e4ldsta sidor. Grimners Runor (grimner.info)Calles &hellip; <a href=\"https:\/\/www.rehbinder.se\/index.php\/hemsidor\/\">Forts\u00e4tt l\u00e4sa <span class=\"meta-nav\">&rarr;<\/span><\/a><\/p>\n","protected":false},"author":1,"featured_media":0,"parent":0,"menu_order":3,"comment_status":"closed","ping_status":"closed","template":"sidebar-page.php","meta":{"footnotes":""},"class_list":["post-26","page","type-page","status-publish","hentry"],"_links":{"self":[{"href":"https:\/\/www.rehbinder.se\/index.php\/wp-json\/wp\/v2\/pages\/26","targetHints":{"allow":["GET"]}}],"collection":[{"href":"https:\/\/www.rehbinder.se\/index.php\/wp-json\/wp\/v2\/pages"}],"about":[{"href":"https:\/\/www.rehbinder.se\/index.php\/wp-json\/wp\/v2\/types\/page"}],"author":[{"embeddable":true,"href":"https:\/\/www.rehbinder.se\/index.php\/wp-json\/wp\/v2\/users\/1"}],"replies":[{"embeddable":true,"href":"https:\/\/www.rehbinder.se\/index.php\/wp-json\/wp\/v2\/comments?post=26"}],"version-history":[{"count":34,"href":"https:\/\/www.rehbinder.se\/index.php\/wp-json\/wp\/v2\/pages\/26\/revisions"}],"predecessor-version":[{"id":199,"href":"https:\/\/www.rehbinder.se\/index.php\/wp-json\/wp\/v2\/pages\/26\/revisions\/199"}],"wp:attachment":[{"href":"https:\/\/www.rehbinder.se\/index.php\/wp-json\/wp\/v2\/media?parent=26"}],"curies":[{"name":"wp","href":"https:\/\/api.w.org\/{rel}","templated":true}]}}